{"id":9450,"date":"2016-07-01T14:58:28","date_gmt":"2016-07-01T12:58:28","guid":{"rendered":"https:\/\/www.torsten-schlueter.de\/plant\/painting\/"},"modified":"2016-07-01T14:58:28","modified_gmt":"2016-07-01T12:58:28","slug":"painting","status":"publish","type":"page","link":"https:\/\/www.torsten-schlueter.de\/en\/plant\/painting\/","title":{"rendered":"Painting"},"content":{"rendered":"<!--themify_builder_content-->\n<div id=\"themify_builder_content-9450\" data-postid=\"9450\" class=\"themify_builder_content themify_builder_content-9450 themify_builder tf_clear\">\n                    <div  data-lazy=\"1\" class=\"module_row themify_builder_row tb_ebe5d7e tb_first tf_w\">\n                        <div class=\"row_inner col_align_top tb_col_count_1 tf_box tf_rel\">\n                        <div  data-lazy=\"1\" class=\"module_column tb-column col-full tb_5899f80 first\">\n                    <!-- module gallery -->\n<div  class=\"module gallery module-gallery tb_4cb6372 layout-grid  \" data-lazy=\"1\">\n    <div class=\"module-gallery-grid\" style=\"--gald:4;--galt:4;--galm:4\">\n            <dl class=\"gallery-item\">\n            <dt class=\"gallery-icon\">\n            <a data-title=\"\" title=\"\" href=\"https:\/\/www.torsten-schlueter.de\/wp-content\/uploads\/2016\/10\/Ausflug-2014-\u00d6l-auf-Leinwand-160x160cm-Kopie.jpg\" data-rel=\"tb_4cb6372\" class=\"themify_lightbox\"><img loading=\"lazy\" decoding=\"async\" src=\"https:\/\/www.torsten-schlueter.de\/wp-content\/uploads\/2016\/10\/Ausflug-2014-\u00d6l-auf-Leinwand-160x160cm-Kopie-300x300.jpg\" width=\"300\" height=\"300\" class=\"wp-post-image wp-image-9097\" title=\"Torsten Schl\u00fcter, &quot;Ausflug&quot;, 2014, \u00d6l auf Leinwand, 160x160cm\" alt=\"Torsten Schl\u00fcter, &quot;Ausflug&quot;, 2014, \u00d6l auf Leinwand, 160x160cm\" srcset=\"https:\/\/www.torsten-schlueter.de\/wp-content\/uploads\/2016\/10\/Ausflug-2014-\u00d6l-auf-Leinwand-160x160cm-Kopie-300x300.jpg 300w, https:\/\/www.torsten-schlueter.de\/wp-content\/uploads\/2016\/10\/Ausflug-2014-\u00d6l-auf-Leinwand-160x160cm-Kopie-150x150.jpg 150w, https:\/\/www.torsten-schlueter.de\/wp-content\/uploads\/2016\/10\/Ausflug-2014-\u00d6l-auf-Leinwand-160x160cm-Kopie-768x765.jpg 768w, https:\/\/www.torsten-schlueter.de\/wp-content\/uploads\/2016\/10\/Ausflug-2014-\u00d6l-auf-Leinwand-160x160cm-Kopie.jpg 969w\" sizes=\"auto, (max-width: 300px) 100vw, 300px\" \/><\/a>            <\/dt>\n                    <\/dl>\n            <dl class=\"gallery-item\">\n            <dt class=\"gallery-icon\">\n            <a data-title=\"\" title=\"\" href=\"https:\/\/www.torsten-schlueter.de\/wp-content\/uploads\/2016\/08\/Torsten_Schlueter_Kreuzberg_Friedrichshain.jpg\" data-rel=\"tb_4cb6372\" class=\"themify_lightbox\"><img loading=\"lazy\" decoding=\"async\" src=\"https:\/\/www.torsten-schlueter.de\/wp-content\/uploads\/2016\/08\/Torsten_Schlueter_Kreuzberg_Friedrichshain-300x300.jpg\" width=\"300\" height=\"300\" class=\"wp-post-image wp-image-8774\" title=\"Torsten Schl\u00fcter, &quot;Berlin Kreuzberg&quot;, 2007, Acryl, 90x130cm\" alt=\"Torsten Schl\u00fcter, &quot;Berlin Kreuzberg&quot;, 2007, Acryl, 90x130cm\" srcset=\"https:\/\/www.torsten-schlueter.de\/wp-content\/uploads\/2016\/08\/Torsten_Schlueter_Kreuzberg_Friedrichshain-300x300.jpg 300w, https:\/\/www.torsten-schlueter.de\/wp-content\/uploads\/2016\/08\/Torsten_Schlueter_Kreuzberg_Friedrichshain-150x150.jpg 150w, https:\/\/www.torsten-schlueter.de\/wp-content\/uploads\/2016\/08\/Torsten_Schlueter_Kreuzberg_Friedrichshain-200x200.jpg 200w\" sizes=\"auto, (max-width: 300px) 100vw, 300px\" \/><\/a>            <\/dt>\n                    <\/dl>\n            <dl class=\"gallery-item\">\n            <dt class=\"gallery-icon\">\n            <a data-title=\"\" title=\"\" href=\"https:\/\/www.torsten-schlueter.de\/wp-content\/uploads\/2016\/08\/Torsten_Schlueter_Die-Liegende.jpg\" data-rel=\"tb_4cb6372\" class=\"themify_lightbox\"><img loading=\"lazy\" decoding=\"async\" src=\"https:\/\/www.torsten-schlueter.de\/wp-content\/uploads\/2016\/08\/Torsten_Schlueter_Die-Liegende-1024x787-300x300.jpg\" width=\"300\" height=\"300\" class=\"wp-post-image wp-image-8839\" title=\"Torsten Schl\u00fcter, &quot;Die Liegende&quot;, 2014, Aquarell, 50x65cm\" alt=\"Torsten Schl\u00fcter, &quot;Die Liegende&quot;, 2014, Aquarell, 50x65cm\" srcset=\"https:\/\/www.torsten-schlueter.de\/wp-content\/uploads\/2016\/08\/Torsten_Schlueter_Die-Liegende-1024x787-300x300.jpg 300w, https:\/\/www.torsten-schlueter.de\/wp-content\/uploads\/2016\/08\/Torsten_Schlueter_Die-Liegende-150x150.jpg 150w, https:\/\/www.torsten-schlueter.de\/wp-content\/uploads\/2016\/08\/Torsten_Schlueter_Die-Liegende-1024x787-600x600.jpg 600w\" sizes=\"auto, (max-width: 300px) 100vw, 300px\" \/><\/a>            <\/dt>\n                    <\/dl>\n            <dl class=\"gallery-item\">\n            <dt class=\"gallery-icon\">\n            <a data-title=\"\" title=\"\" href=\"https:\/\/www.torsten-schlueter.de\/wp-content\/uploads\/2016\/08\/Torsten_Schlueter_Slumdog_craw_man.jpg\" data-rel=\"tb_4cb6372\" class=\"themify_lightbox\"><img loading=\"lazy\" decoding=\"async\" src=\"https:\/\/www.torsten-schlueter.de\/wp-content\/uploads\/2016\/08\/Torsten_Schlueter_Slumdog_craw_man-300x300.jpg\" width=\"300\" height=\"300\" class=\"wp-post-image wp-image-8768\" title=\"Torsten Schl\u00fcter, &quot;Slumdog, Craw and Man&quot;, 1997, \u00d6l auf Leinwand, 180x180cm\" alt=\"Torsten Schl\u00fcter, &quot;Slumdog, Craw and Man&quot;, 1997, \u00d6l auf Leinwand, 180x180cm\" srcset=\"https:\/\/www.torsten-schlueter.de\/wp-content\/uploads\/2016\/08\/Torsten_Schlueter_Slumdog_craw_man-300x300.jpg 300w, https:\/\/www.torsten-schlueter.de\/wp-content\/uploads\/2016\/08\/Torsten_Schlueter_Slumdog_craw_man-150x150.jpg 150w, https:\/\/www.torsten-schlueter.de\/wp-content\/uploads\/2016\/08\/Torsten_Schlueter_Slumdog_craw_man-201x200.jpg 201w, https:\/\/www.torsten-schlueter.de\/wp-content\/uploads\/2016\/08\/Torsten_Schlueter_Slumdog_craw_man-200x200.jpg 200w, https:\/\/www.torsten-schlueter.de\/wp-content\/uploads\/2016\/08\/Torsten_Schlueter_Slumdog_craw_man.jpg 800w, https:\/\/www.torsten-schlueter.de\/wp-content\/uploads\/2016\/08\/Torsten_Schlueter_Slumdog_craw_man-600x600.jpg 600w\" sizes=\"auto, (max-width: 300px) 100vw, 300px\" \/><\/a>            <\/dt>\n                    <\/dl>\n            <dl class=\"gallery-item\">\n            <dt class=\"gallery-icon\">\n            <a data-title=\"\" title=\"\" href=\"https:\/\/www.torsten-schlueter.de\/wp-content\/uploads\/2016\/08\/Torsten_Schlueter_Mumbai-Heilige-Herde.jpg\" data-rel=\"tb_4cb6372\" class=\"themify_lightbox\"><img loading=\"lazy\" decoding=\"async\" src=\"https:\/\/www.torsten-schlueter.de\/wp-content\/uploads\/2016\/08\/Torsten_Schlueter_Mumbai-Heilige-Herde-300x300.jpg\" width=\"300\" height=\"300\" class=\"wp-post-image wp-image-8874\" title=\"Torsten Schl\u00fcter, &quot;Mumbai - Heilige Herde&quot;, 2014, \u00d6l auf Leinwand, 180x180cm\" alt=\"Torsten Schl\u00fcter, &quot;Mumbai - Heilige Herde&quot;, 2014, \u00d6l auf Leinwand, 180x180cm\" srcset=\"https:\/\/www.torsten-schlueter.de\/wp-content\/uploads\/2016\/08\/Torsten_Schlueter_Mumbai-Heilige-Herde-300x300.jpg 300w, https:\/\/www.torsten-schlueter.de\/wp-content\/uploads\/2016\/08\/Torsten_Schlueter_Mumbai-Heilige-Herde-150x150.jpg 150w, https:\/\/www.torsten-schlueter.de\/wp-content\/uploads\/2016\/08\/Torsten_Schlueter_Mumbai-Heilige-Herde-768x770.jpg 768w, https:\/\/www.torsten-schlueter.de\/wp-content\/uploads\/2016\/08\/Torsten_Schlueter_Mumbai-Heilige-Herde-800x801.jpg 800w, https:\/\/www.torsten-schlueter.de\/wp-content\/uploads\/2016\/08\/Torsten_Schlueter_Mumbai-Heilige-Herde-400x400.jpg 400w, https:\/\/www.torsten-schlueter.de\/wp-content\/uploads\/2016\/08\/Torsten_Schlueter_Mumbai-Heilige-Herde.jpg 1000w\" sizes=\"auto, (max-width: 300px) 100vw, 300px\" \/><\/a>            <\/dt>\n                    <\/dl>\n            <dl class=\"gallery-item\">\n            <dt class=\"gallery-icon\">\n            <a data-title=\"\" title=\"\" href=\"https:\/\/www.torsten-schlueter.de\/wp-content\/uploads\/2016\/08\/Torsten_Schlueter_Frau-mit-Krug.jpg\" data-rel=\"tb_4cb6372\" class=\"themify_lightbox\"><img loading=\"lazy\" decoding=\"async\" src=\"https:\/\/www.torsten-schlueter.de\/wp-content\/uploads\/2016\/08\/Torsten_Schlueter_Frau-mit-Krug-300x300.jpg\" width=\"300\" height=\"300\" class=\"wp-post-image wp-image-8858\" title=\"Torsten Schl\u00fcter, &quot;Frau mit Krug&quot;, 2003, \u00d6l auf Leinwand, 70x50cm\" alt=\"Torsten Schl\u00fcter, &quot;Frau mit Krug&quot;, 2003, \u00d6l auf Leinwand, 70x50cm\" srcset=\"https:\/\/www.torsten-schlueter.de\/wp-content\/uploads\/2016\/08\/Torsten_Schlueter_Frau-mit-Krug-300x300.jpg 300w, https:\/\/www.torsten-schlueter.de\/wp-content\/uploads\/2016\/08\/Torsten_Schlueter_Frau-mit-Krug-150x150.jpg 150w\" sizes=\"auto, (max-width: 300px) 100vw, 300px\" \/><\/a>            <\/dt>\n                    <\/dl>\n            <dl class=\"gallery-item\">\n            <dt class=\"gallery-icon\">\n            <a data-title=\"\" title=\"\" href=\"https:\/\/www.torsten-schlueter.de\/wp-content\/uploads\/2016\/08\/Torsten_Schlueter_Fukushima_Furie_Feldarbeiterinnen.jpg\" data-rel=\"tb_4cb6372\" class=\"themify_lightbox\"><img loading=\"lazy\" decoding=\"async\" src=\"https:\/\/www.torsten-schlueter.de\/wp-content\/uploads\/2016\/08\/Torsten_Schlueter_Fukushima_Furie_Feldarbeiterinnen-300x300.jpg\" width=\"300\" height=\"300\" class=\"wp-post-image wp-image-8765\" title=\"Torsten Schl\u00fcter, &quot;Fukushima&quot;, 2013, \u00d6l auf Leinwand, 180x180cm\" alt=\"Torsten Schl\u00fcter, &quot;Fukushima&quot;, 2013, \u00d6l auf Leinwand, 180x180cm\" srcset=\"https:\/\/www.torsten-schlueter.de\/wp-content\/uploads\/2016\/08\/Torsten_Schlueter_Fukushima_Furie_Feldarbeiterinnen-300x300.jpg 300w, https:\/\/www.torsten-schlueter.de\/wp-content\/uploads\/2016\/08\/Torsten_Schlueter_Fukushima_Furie_Feldarbeiterinnen-150x150.jpg 150w, https:\/\/www.torsten-schlueter.de\/wp-content\/uploads\/2016\/08\/Torsten_Schlueter_Fukushima_Furie_Feldarbeiterinnen-768x771.jpg 768w, https:\/\/www.torsten-schlueter.de\/wp-content\/uploads\/2016\/08\/Torsten_Schlueter_Fukushima_Furie_Feldarbeiterinnen.jpg 800w, https:\/\/www.torsten-schlueter.de\/wp-content\/uploads\/2016\/08\/Torsten_Schlueter_Fukushima_Furie_Feldarbeiterinnen-400x400.jpg 400w, https:\/\/www.torsten-schlueter.de\/wp-content\/uploads\/2016\/08\/Torsten_Schlueter_Fukushima_Furie_Feldarbeiterinnen-600x600.jpg 600w\" sizes=\"auto, (max-width: 300px) 100vw, 300px\" \/><\/a>            <\/dt>\n                    <\/dl>\n            <dl class=\"gallery-item\">\n            <dt class=\"gallery-icon\">\n            <a data-title=\"\" title=\"\" href=\"https:\/\/www.torsten-schlueter.de\/wp-content\/uploads\/2016\/09\/Torsten_Schlueter_Achill.jpg\" data-rel=\"tb_4cb6372\" class=\"themify_lightbox\"><img loading=\"lazy\" decoding=\"async\" src=\"https:\/\/www.torsten-schlueter.de\/wp-content\/uploads\/2016\/09\/Torsten_Schlueter_Achill-300x300.jpg\" width=\"300\" height=\"300\" class=\"wp-post-image wp-image-8927\" title=\"Torsten Schl\u00fcter, &quot;Achill&quot;, 2004, \u00d6l auf Leinwand, 80x60cm\" alt=\"Torsten Schl\u00fcter, &quot;Achill&quot;, 2004, \u00d6l auf Leinwand, 80x60cm\" srcset=\"https:\/\/www.torsten-schlueter.de\/wp-content\/uploads\/2016\/09\/Torsten_Schlueter_Achill-300x300.jpg 300w, https:\/\/www.torsten-schlueter.de\/wp-content\/uploads\/2016\/09\/Torsten_Schlueter_Achill-150x150.jpg 150w\" sizes=\"auto, (max-width: 300px) 100vw, 300px\" \/><\/a>            <\/dt>\n                    <\/dl>\n    <\/div>\n<\/div>\n<!-- \/module gallery --><!-- module text -->\n<div  class=\"module module-text tb_f77ba48   \" data-lazy=\"1\">\n    <h3 class=\"module-title\">Portraits & Figurative<\/h3>    <div  class=\"tb_text_wrap\">\n        <p>Figurative painting and portraits are recurring themes in his work. The focus is on portraits of women. They are often integrated into large work cycles, such as in the 90s into the topic of &#8220;witches&#8221; <strong>&#8211; to be <\/strong> understood as a warning against hatred of everything foreign. Later, the &#8220;Well Women&#8221; cycle crystallized out of an examination of the Indian caste system.<\/p><p>&#8220;Often peculiarly close-up and without distance, emphatically haunting,&#8221; is how art historian Dr. Hans M. Schmidt describes Torsten Schl\u00fcter&#8217;s portraits.<\/p>    <\/div>\n<\/div>\n<!-- \/module text --><!-- module gallery -->\n<div  class=\"module gallery module-gallery tb_fa76ce1 layout-grid  \" data-lazy=\"1\">\n    <div class=\"module-gallery-grid\" style=\"--gald:3;--galt:3;--galm:3\">\n            <dl class=\"gallery-item\">\n            <dt class=\"gallery-icon\">\n            <a data-title=\"\" title=\"\" href=\"https:\/\/www.torsten-schlueter.de\/wp-content\/uploads\/2016\/10\/IMG_7811-Kopie.jpg\" data-rel=\"tb_fa76ce1\" class=\"themify_lightbox\"><img loading=\"lazy\" decoding=\"async\" src=\"https:\/\/www.torsten-schlueter.de\/wp-content\/uploads\/2016\/10\/IMG_7811-Kopie-415x600.jpg\" width=\"415\" height=\"600\" class=\"wp-post-image wp-image-9029\" title=\"Torsten Schl\u00fcter, &quot;Mussaa&quot;, 1999, Acryl auf Leinwand, 175x125cm\" alt=\"Torsten Schl\u00fcter, &quot;Mussaa&quot;, 1999, Acryl auf Leinwand, 175x125cm\"><\/a>            <\/dt>\n                    <\/dl>\n            <dl class=\"gallery-item\">\n            <dt class=\"gallery-icon\">\n            <a data-title=\"\" title=\"\" href=\"https:\/\/www.torsten-schlueter.de\/wp-content\/uploads\/2016\/08\/Torsten_Schlueter_Anika_IX.jpg\" data-rel=\"tb_fa76ce1\" class=\"themify_lightbox\"><img loading=\"lazy\" decoding=\"async\" src=\"https:\/\/www.torsten-schlueter.de\/wp-content\/uploads\/2016\/08\/Torsten_Schlueter_Anika_IX-415x600.jpg\" width=\"415\" height=\"600\" class=\"wp-post-image wp-image-8788\" title=\"Torsten Schl\u00fcter, &quot;Anika IX&quot;. 1998, Acryl, 100x70cm\" alt=\"Torsten Schl\u00fcter, &quot;Anika IX&quot;. 1998, Acryl, 100x70cm\"><\/a>            <\/dt>\n                    <\/dl>\n            <dl class=\"gallery-item\">\n            <dt class=\"gallery-icon\">\n            <a data-title=\"\" title=\"\" href=\"https:\/\/www.torsten-schlueter.de\/wp-content\/uploads\/2016\/08\/Torsten_Schlueter_Selbstbildnis.jpg\" data-rel=\"tb_fa76ce1\" class=\"themify_lightbox\"><img loading=\"lazy\" decoding=\"async\" src=\"https:\/\/www.torsten-schlueter.de\/wp-content\/uploads\/2016\/08\/Torsten_Schlueter_Selbstbildnis-415x600.jpg\" width=\"415\" height=\"600\" class=\"wp-post-image wp-image-8794\" title=\"Torsten Schl\u00fcter, &quot;Selbstbildnis&quot;, \u00d6l,  2003, 70x50cm\" alt=\"Torsten Schl\u00fcter, &quot;Selbstbildnis&quot;, \u00d6l,  2003, 70x50cm\"><\/a>            <\/dt>\n                    <\/dl>\n    <\/div>\n<\/div>\n<!-- \/module gallery -->        <\/div>\n                        <\/div>\n        <\/div>\n                        <div  data-lazy=\"1\" class=\"module_row themify_builder_row tb_3e6f547 tf_w\">\n                        <div class=\"row_inner col_align_top tb_col_count_1 tf_box tf_rel\">\n                        <div  data-lazy=\"1\" class=\"module_column tb-column col-full tb_c11bf6b first\">\n                    <!-- module text -->\n<div  class=\"module module-text tb_b6763b7   \" data-lazy=\"1\">\n    <h3 class=\"module-title\">Hiddensee<\/h3>    <div  class=\"tb_text_wrap\">\n        <p>It is his &#8220;open-air studio&#8221; &#8211; the island of Hiddensee and a place of intensive study of nature through drawing. With the wet-on-wet technique he developed, he created an unmistakable style in watercolor painting.  <br>In 2004 Torsten Schl\u00fcter was awarded the South German Watercolor Art Prize.<br><br><\/p>    <\/div>\n<\/div>\n<!-- \/module text --><!-- module gallery -->\n<div  class=\"module gallery module-gallery tb_29149f0 layout-grid  \" data-lazy=\"1\">\n    <div class=\"module-gallery-grid\" style=\"--gald:2;--galt:2;--galm:2\">\n            <dl class=\"gallery-item\">\n            <dt class=\"gallery-icon\">\n            <a data-title=\"\" title=\"\" href=\"https:\/\/www.torsten-schlueter.de\/wp-content\/uploads\/2016\/08\/Torsten_Schlueter_Rachmaninow.jpg\" data-rel=\"tb_29149f0\" class=\"themify_lightbox\"><img loading=\"lazy\" decoding=\"async\" src=\"https:\/\/www.torsten-schlueter.de\/wp-content\/uploads\/2016\/08\/Torsten_Schlueter_Rachmaninow-1024x271-740x195.jpg\" width=\"740\" height=\"195\" class=\"wp-post-image wp-image-8882\" title=\"Torsten Schl\u00fcter, &quot;Boddenlandschaft&quot;, 2007, Aquarell, 16x60cm\" alt=\"Torsten Schl\u00fcter, &quot;Boddenlandschaft&quot;, 2007, Aquarell, 16x60cm\" srcset=\"https:\/\/www.torsten-schlueter.de\/wp-content\/uploads\/2016\/08\/Torsten_Schlueter_Rachmaninow-1024x271-740x195.jpg 740w, https:\/\/www.torsten-schlueter.de\/wp-content\/uploads\/2016\/08\/Torsten_Schlueter_Rachmaninow-300x79.jpg 300w, https:\/\/www.torsten-schlueter.de\/wp-content\/uploads\/2016\/08\/Torsten_Schlueter_Rachmaninow-768x203.jpg 768w, https:\/\/www.torsten-schlueter.de\/wp-content\/uploads\/2016\/08\/Torsten_Schlueter_Rachmaninow-1024x271.jpg 1024w, https:\/\/www.torsten-schlueter.de\/wp-content\/uploads\/2016\/08\/Torsten_Schlueter_Rachmaninow-1024x271-800x210.jpg 800w, https:\/\/www.torsten-schlueter.de\/wp-content\/uploads\/2016\/08\/Torsten_Schlueter_Rachmaninow.jpg 1200w\" sizes=\"auto, (max-width: 740px) 100vw, 740px\" \/><\/a>            <\/dt>\n                    <\/dl>\n            <dl class=\"gallery-item\">\n            <dt class=\"gallery-icon\">\n            <a data-title=\"\" title=\"\" href=\"https:\/\/www.torsten-schlueter.de\/wp-content\/uploads\/2016\/07\/nordlichter02.jpg\" data-rel=\"tb_29149f0\" class=\"themify_lightbox\"><img loading=\"lazy\" decoding=\"async\" src=\"https:\/\/www.torsten-schlueter.de\/wp-content\/uploads\/2016\/07\/nordlichter02-740x195.jpg\" width=\"740\" height=\"195\" class=\"wp-post-image wp-image-8756\" title=\"Torsten Schl\u00fcter, &quot;Schilfbogen&quot;, 2010, Aquarell, 12,5x45cm\" alt=\"Torsten Schl\u00fcter, &quot;Schilfbogen&quot;, 2010, Aquarell, 12,5x45cm\" srcset=\"https:\/\/www.torsten-schlueter.de\/wp-content\/uploads\/2016\/07\/nordlichter02-740x195.jpg 740w, https:\/\/www.torsten-schlueter.de\/wp-content\/uploads\/2016\/07\/nordlichter02-300x78.jpg 300w, https:\/\/www.torsten-schlueter.de\/wp-content\/uploads\/2016\/07\/nordlichter02-768x201.jpg 768w, https:\/\/www.torsten-schlueter.de\/wp-content\/uploads\/2016\/07\/nordlichter02-800x210.jpg 800w\" sizes=\"auto, (max-width: 740px) 100vw, 740px\" \/><\/a>            <\/dt>\n                    <\/dl>\n            <dl class=\"gallery-item\">\n            <dt class=\"gallery-icon\">\n            <a data-title=\"\" title=\"\" href=\"https:\/\/www.torsten-schlueter.de\/wp-content\/uploads\/2016\/08\/Torsten_Schlueter_Weisser-Keil.jpg\" data-rel=\"tb_29149f0\" class=\"themify_lightbox\"><img loading=\"lazy\" decoding=\"async\" src=\"https:\/\/www.torsten-schlueter.de\/wp-content\/uploads\/2016\/08\/Torsten_Schlueter_Weisser-Keil-1024x258-740x195.jpg\" width=\"740\" height=\"195\" class=\"wp-post-image wp-image-8885\" title=\"Torsten Schl\u00fcter, &quot;Wei\u00dfer Keil&quot;, 2010, Aquarell, 20x70cm\" alt=\"Torsten Schl\u00fcter, &quot;Wei\u00dfer Keil&quot;, 2010, Aquarell, 20x70cm\" srcset=\"https:\/\/www.torsten-schlueter.de\/wp-content\/uploads\/2016\/08\/Torsten_Schlueter_Weisser-Keil-1024x258-740x195.jpg 740w, https:\/\/www.torsten-schlueter.de\/wp-content\/uploads\/2016\/08\/Torsten_Schlueter_Weisser-Keil-1024x258-800x210.jpg 800w\" sizes=\"auto, (max-width: 740px) 100vw, 740px\" \/><\/a>            <\/dt>\n                    <\/dl>\n            <dl class=\"gallery-item\">\n            <dt class=\"gallery-icon\">\n            <a data-title=\"\" title=\"\" href=\"https:\/\/www.torsten-schlueter.de\/wp-content\/uploads\/2016\/07\/nordlichter01.jpg\" data-rel=\"tb_29149f0\" class=\"themify_lightbox\"><img loading=\"lazy\" decoding=\"async\" src=\"https:\/\/www.torsten-schlueter.de\/wp-content\/uploads\/2016\/07\/nordlichter01-740x195.jpg\" width=\"740\" height=\"195\" class=\"wp-post-image wp-image-8758\" title=\"Torsten Schl\u00fcter, &quot;Nordblau&quot;, 2005, Aquarell, 12,5x45cm\" alt=\"Torsten Schl\u00fcter, &quot;Nordblau&quot;, 2005, Aquarell, 12,5x45cm\" srcset=\"https:\/\/www.torsten-schlueter.de\/wp-content\/uploads\/2016\/07\/nordlichter01-740x195.jpg 740w, https:\/\/www.torsten-schlueter.de\/wp-content\/uploads\/2016\/07\/nordlichter01-300x80.jpg 300w\" sizes=\"auto, (max-width: 740px) 100vw, 740px\" \/><\/a>            <\/dt>\n                    <\/dl>\n    <\/div>\n<\/div>\n<!-- \/module gallery --><!-- module text -->\n<div  class=\"module module-text tb_5d9d9e7   \" data-lazy=\"1\">\n    <h3 class=\"module-title\">India<\/h3>    <div  class=\"tb_text_wrap\">\n        <p>Torsten Schl\u00fcter has been traveling to India since 1993. The artist often works up the sketches he brings with him in his Berlin studio on large-format canvases.<\/p>    <\/div>\n<\/div>\n<!-- \/module text --><!-- module gallery -->\n<div  class=\"module gallery module-gallery tb_b1fc018 layout-grid  \" data-lazy=\"1\">\n    <div class=\"module-gallery-grid\" style=\"--gald:1;--galt:1;--galm:1\">\n            <dl class=\"gallery-item\">\n            <dt class=\"gallery-icon\">\n            <a data-title=\"\" title=\"\" href=\"https:\/\/www.torsten-schlueter.de\/wp-content\/uploads\/2016\/08\/Torsten_Schlueter_Versuch_mit_Melone.jpg\" data-rel=\"tb_b1fc018\" class=\"themify_lightbox\"><img loading=\"lazy\" decoding=\"async\" src=\"https:\/\/www.torsten-schlueter.de\/wp-content\/uploads\/2016\/08\/Torsten_Schlueter_Versuch_mit_Melone-1200x1200.jpg\" width=\"1200\" height=\"1200\" class=\"wp-post-image wp-image-8769\" title=\"Torsten Schl\u00fcter, &quot;Versuch mit Melone&quot;, 2011, \u00d6l auf Leinwand, 180x180cm\" alt=\"Torsten Schl\u00fcter, &quot;Versuch mit Melone&quot;, 2011, \u00d6l auf Leinwand, 180x180cm\" srcset=\"https:\/\/www.torsten-schlueter.de\/wp-content\/uploads\/2016\/08\/Torsten_Schlueter_Versuch_mit_Melone-1200x1200.jpg 1200w, https:\/\/www.torsten-schlueter.de\/wp-content\/uploads\/2016\/08\/Torsten_Schlueter_Versuch_mit_Melone-150x150.jpg 150w, https:\/\/www.torsten-schlueter.de\/wp-content\/uploads\/2016\/08\/Torsten_Schlueter_Versuch_mit_Melone-300x300.jpg 300w, https:\/\/www.torsten-schlueter.de\/wp-content\/uploads\/2016\/08\/Torsten_Schlueter_Versuch_mit_Melone-768x769.jpg 768w, https:\/\/www.torsten-schlueter.de\/wp-content\/uploads\/2016\/08\/Torsten_Schlueter_Versuch_mit_Melone.jpg 800w\" sizes=\"auto, (max-width: 1200px) 100vw, 1200px\" \/><\/a>            <\/dt>\n                    <\/dl>\n            <dl class=\"gallery-item\">\n            <dt class=\"gallery-icon\">\n            <a data-title=\"\" title=\"\" href=\"https:\/\/www.torsten-schlueter.de\/wp-content\/uploads\/2016\/09\/Moksha-O\u0308l-a-Lw-180-x-180.jpg\" data-rel=\"tb_b1fc018\" class=\"themify_lightbox\"><img loading=\"lazy\" decoding=\"async\" src=\"https:\/\/www.torsten-schlueter.de\/wp-content\/uploads\/2016\/09\/Moksha-O\u0308l-a-Lw-180-x-180-1021x1024-1200x1200.jpg\" width=\"1200\" height=\"1200\" class=\"wp-post-image wp-image-8959\" title=\"Torsten Schl\u00fcter, &quot;Moksha and Enfields&quot;, 1997, \u00d6l auf Leinwand, 180x180cm\" alt=\"Torsten Schl\u00fcter, &quot;Moksha and Enfields&quot;, 1997, \u00d6l auf Leinwand, 180x180cm\" srcset=\"https:\/\/www.torsten-schlueter.de\/wp-content\/uploads\/2016\/09\/Moksha-O\u0308l-a-Lw-180-x-180-1021x1024-1200x1200.jpg 1200w, https:\/\/www.torsten-schlueter.de\/wp-content\/uploads\/2016\/09\/Moksha-O\u0308l-a-Lw-180-x-180-150x150.jpg 150w, https:\/\/www.torsten-schlueter.de\/wp-content\/uploads\/2016\/09\/Moksha-O\u0308l-a-Lw-180-x-180-300x300.jpg 300w, https:\/\/www.torsten-schlueter.de\/wp-content\/uploads\/2016\/09\/Moksha-O\u0308l-a-Lw-180-x-180-1021x1024-800x800.jpg 800w, https:\/\/www.torsten-schlueter.de\/wp-content\/uploads\/2016\/09\/Moksha-O\u0308l-a-Lw-180-x-180-1021x1024-400x400.jpg 400w, https:\/\/www.torsten-schlueter.de\/wp-content\/uploads\/2016\/09\/Moksha-O\u0308l-a-Lw-180-x-180-1021x1024-1600x1600.jpg 1600w\" sizes=\"auto, (max-width: 1200px) 100vw, 1200px\" \/><\/a>            <\/dt>\n                    <\/dl>\n    <\/div>\n<\/div>\n<!-- \/module gallery --><!-- module text -->\n<div  class=\"module module-text tb_0d8c1b4   \" data-lazy=\"1\">\n        <div  class=\"tb_text_wrap\">\n        <p>The Indian subcontinent plays a major role in Torsten Schl\u00fcter&#8217;s work. More under work theme <span style=\"color: #000080;\">\n  <a style=\"color: #000080;\" href=\"http:\/\/www.hiddensee-kuenstler.de\/werk\/indien\/\">INDIA <\/a>\n<\/span> <\/p>    <\/div>\n<\/div>\n<!-- \/module text --><!-- module text -->\n<div  class=\"module module-text tb_9c70ae4   \" data-lazy=\"1\">\n    <h3 class=\"module-title\">Metropolitan areas<\/h3>    <div  class=\"tb_text_wrap\">\n        <p>&#8220;<em>Schl\u00fcter captures urban life on canvas in acrylic and oil paintings with gripping expressiveness. One is reminded of German Expressionist painting. The power of the colors, the pulsating brushstrokes, all this is of compelling urgency.<\/em>&#8220;<br>\nJ\u00f6rg Michael Henneberg<\/p>\n    <\/div>\n<\/div>\n<!-- \/module text --><!-- module gallery -->\n<div  class=\"module gallery module-gallery tb_31710bc layout-grid  \" data-lazy=\"1\">\n    <div class=\"module-gallery-grid\" style=\"--gald:3;--galt:3;--galm:3\">\n            <dl class=\"gallery-item\">\n            <dt class=\"gallery-icon\">\n            <a data-title=\"\" title=\"\" href=\"https:\/\/www.torsten-schlueter.de\/wp-content\/uploads\/2016\/08\/Torsten_Schlueter_Down_Town.jpg\" data-rel=\"tb_31710bc\" class=\"themify_lightbox\"><img loading=\"lazy\" decoding=\"async\" src=\"https:\/\/www.torsten-schlueter.de\/wp-content\/uploads\/2016\/08\/Torsten_Schlueter_Down_Town-600x900.jpg\" width=\"600\" height=\"900\" class=\"wp-post-image wp-image-8772\" title=\"Torsten Schl\u00fcter, &quot;Down Town&quot;, 1994, Acryl, 110x80cm\" alt=\"Torsten Schl\u00fcter, &quot;Down Town&quot;, 1994, Acryl, 110x80cm\"><\/a>            <\/dt>\n                    <\/dl>\n            <dl class=\"gallery-item\">\n            <dt class=\"gallery-icon\">\n            <a data-title=\"\" title=\"\" href=\"https:\/\/www.torsten-schlueter.de\/wp-content\/uploads\/2016\/10\/IMG_2220.jpg\" data-rel=\"tb_31710bc\" class=\"themify_lightbox\"><img loading=\"lazy\" decoding=\"async\" src=\"https:\/\/www.torsten-schlueter.de\/wp-content\/uploads\/2016\/10\/IMG_2220-600x900.jpg\" width=\"600\" height=\"900\" class=\"wp-post-image wp-image-9102\" title=\"Torsten Schl\u00fcter, &quot;Yellow Cabs VII&quot;, 1995, Aquarell, 102x75cm\" alt=\"Torsten Schl\u00fcter, &quot;Yellow Cabs VII&quot;, 1995, Aquarell, 102x75cm\"><\/a>            <\/dt>\n                    <\/dl>\n            <dl class=\"gallery-item\">\n            <dt class=\"gallery-icon\">\n            <a data-title=\"\" title=\"\" href=\"https:\/\/www.torsten-schlueter.de\/wp-content\/uploads\/2022\/05\/ChryslerBuilding2019Acryl140x100cm.jpg\" data-rel=\"tb_31710bc\" class=\"themify_lightbox\"><img loading=\"lazy\" decoding=\"async\" src=\"https:\/\/www.torsten-schlueter.de\/wp-content\/uploads\/2022\/05\/ChryslerBuilding2019Acryl140x100cm-600x900.jpg\" width=\"600\" height=\"900\" class=\"wp-post-image wp-image-9380\" title=\"ChryslerBuilding2019Acryl140x100cm\" alt=\"ChryslerBuilding2019Acryl140x100cm\"><\/a>            <\/dt>\n                    <\/dl>\n            <dl class=\"gallery-item\">\n            <dt class=\"gallery-icon\">\n            <a data-title=\"\" title=\"\" href=\"https:\/\/www.torsten-schlueter.de\/wp-content\/uploads\/2016\/10\/25-Brooklyn-Bridge-II.jpg.jpg\" data-rel=\"tb_31710bc\" class=\"themify_lightbox\"><img loading=\"lazy\" decoding=\"async\" src=\"https:\/\/www.torsten-schlueter.de\/wp-content\/uploads\/2016\/10\/25-Brooklyn-Bridge-II.jpg-1024x684-600x900.jpg\" width=\"600\" height=\"900\" class=\"wp-post-image wp-image-9094\" title=\"Torsten Schl\u00fcter, &quot;Brooklyn Bridge&quot;, 1997, Acryl, 100x140cm\" alt=\"Torsten Schl\u00fcter, &quot;Brooklyn Bridge&quot;, 1997, Acryl, 100x140cm\"><\/a>            <\/dt>\n                    <\/dl>\n            <dl class=\"gallery-item\">\n            <dt class=\"gallery-icon\">\n            <a data-title=\"\" title=\"\" href=\"https:\/\/www.torsten-schlueter.de\/wp-content\/uploads\/2016\/08\/Torsten_Schlueter_Swinemuender_Strasse.jpg\" data-rel=\"tb_31710bc\" class=\"themify_lightbox\"><img loading=\"lazy\" decoding=\"async\" src=\"https:\/\/www.torsten-schlueter.de\/wp-content\/uploads\/2016\/08\/Torsten_Schlueter_Swinemuender_Strasse-600x900.jpg\" width=\"600\" height=\"900\" class=\"wp-post-image wp-image-8776\" title=\"Torsten Schl\u00fcter, &quot;Swinem\u00fcnder Strasse&quot;, 1998, Acryl, 76x105cm\" alt=\"Torsten Schl\u00fcter, &quot;Swinem\u00fcnder Strasse&quot;, 1998, Acryl, 76x105cm\"><\/a>            <\/dt>\n                    <\/dl>\n            <dl class=\"gallery-item\">\n            <dt class=\"gallery-icon\">\n            <a data-title=\"\" title=\"\" href=\"https:\/\/www.torsten-schlueter.de\/wp-content\/uploads\/2016\/10\/Glienicker-Br\u00fccke-Acryl-105x76-1994.-6.500-\u20ac-.jpg\" data-rel=\"tb_31710bc\" class=\"themify_lightbox\"><img loading=\"lazy\" decoding=\"async\" src=\"https:\/\/www.torsten-schlueter.de\/wp-content\/uploads\/2016\/10\/Glienicker-Br\u00fccke-Acryl-105x76-1994.-6.500-\u20ac--600x900.jpg\" width=\"600\" height=\"900\" class=\"wp-post-image wp-image-9101\" title=\"Torsten Schl\u00fcter, &quot;Glienicker Br\u00fccke&quot;, 1994, Acryl, 105x76cm\" alt=\"Torsten Schl\u00fcter, &quot;Glienicker Br\u00fccke&quot;, 1994, Acryl, 105x76cm\"><\/a>            <\/dt>\n                    <\/dl>\n    <\/div>\n<\/div>\n<!-- \/module gallery --><!-- module gallery -->\n<div  class=\"module gallery module-gallery tb_6a50e3c layout-grid  \" data-lazy=\"1\">\n    <div class=\"module-gallery-grid\" style=\"--gald:1;--galt:1;--galm:1\">\n            <dl class=\"gallery-item\">\n            <dt class=\"gallery-icon\">\n            <a data-title=\"\" title=\"\" href=\"https:\/\/www.torsten-schlueter.de\/wp-content\/uploads\/2016\/10\/Oberbaumbr\u00fccke-Acryl-80x120.jpg\" data-rel=\"tb_6a50e3c\" class=\"themify_lightbox\"><img loading=\"lazy\" decoding=\"async\" src=\"https:\/\/www.torsten-schlueter.de\/wp-content\/uploads\/2016\/10\/Oberbaumbr\u00fccke-Acryl-80x120-1200x400.jpg\" width=\"1200\" height=\"400\" class=\"wp-post-image wp-image-9062\" title=\"Torsten Schl\u00fcter, &quot;Oberbaumbr\u00fccke&quot;, Acryl, 80x120cm\" alt=\"Torsten Schl\u00fcter, &quot;Oberbaumbr\u00fccke&quot;, Acryl, 80x120cm\"><\/a>            <\/dt>\n                    <\/dl>\n    <\/div>\n<\/div>\n<!-- \/module gallery --><!-- module text -->\n<div  class=\"module module-text tb_5fd780c   \" data-lazy=\"1\">\n    <h3 class=\"module-title\">Art and soccer<\/h3>    <div  class=\"tb_text_wrap\">\n        <p><em>&#8220;Since 2001, an entire soccer series has been created for 1.FC Union Berlin. The painting &#8220;Sea of Flags&#8221; is a cry of jubilation, is intoxicating, full of passion and so full of energy. As if fireworks had gone off in the middle of the stadium. Torsten Schl\u00fcter has brought these fireworks to the screen as an expression of everything that 1.FC Union Berlin means to him &#8211; and to so many&#8230;<\/em>&#8220;<br>Dajana Rubert, Frank Willmann, U.N.V.E.U., Berliner Verlag, February 2016<\/p>    <\/div>\n<\/div>\n<!-- \/module text --><!-- module gallery -->\n<div  class=\"module gallery module-gallery tb_4f91422 layout-grid  \" data-lazy=\"1\">\n    <div class=\"module-gallery-grid\" style=\"--gald:4;--galt:4;--galm:4\">\n            <dl class=\"gallery-item\">\n            <dt class=\"gallery-icon\">\n            <a data-title=\"\" title=\"\" href=\"https:\/\/www.torsten-schlueter.de\/wp-content\/uploads\/2016\/10\/Torsten-Schl\u00fcter-Kunst-ist-eisern.jpg\" data-rel=\"tb_4f91422\" class=\"themify_lightbox\"><img loading=\"lazy\" decoding=\"async\" src=\"https:\/\/www.torsten-schlueter.de\/wp-content\/uploads\/2016\/10\/Torsten-Schl\u00fcter-Kunst-ist-eisern-555x385.jpg\" width=\"555\" height=\"385\" class=\"wp-post-image wp-image-9024\" title=\"Torsten Schl\u00fcter, &quot;Alte F\u00f6rsterei- Fahnenmeer&quot;, 2011, \u00d6l auf Leinwand, 80x120cm\" alt=\"Torsten Schl\u00fcter, &quot;Alte F\u00f6rsterei- Fahnenmeer&quot;, 2011, \u00d6l auf Leinwand, 80x120cm\"><\/a>            <\/dt>\n                    <\/dl>\n            <dl class=\"gallery-item\">\n            <dt class=\"gallery-icon\">\n            <a data-title=\"\" title=\"\" href=\"https:\/\/www.torsten-schlueter.de\/wp-content\/uploads\/2022\/05\/EisernerVirusDieErsteBundesliga_Stadionskizze2021Kreide17_5x25cm.jpg\" data-rel=\"tb_4f91422\" class=\"themify_lightbox\"><img loading=\"lazy\" decoding=\"async\" src=\"https:\/\/www.torsten-schlueter.de\/wp-content\/uploads\/2022\/05\/EisernerVirusDieErsteBundesliga_Stadionskizze2021Kreide17_5x25cm-555x385.jpg\" width=\"555\" height=\"385\" class=\"wp-post-image wp-image-9383\" title=\"EisernerVirusDieErsteBundesliga_Stadionskizze2021Kreide17_5x25cm\" alt=\"EisernerVirusDieErsteBundesliga_Stadionskizze2021Kreide17_5x25cm\" srcset=\"https:\/\/www.torsten-schlueter.de\/wp-content\/uploads\/2022\/05\/EisernerVirusDieErsteBundesliga_Stadionskizze2021Kreide17_5x25cm-555x385.jpg 555w, https:\/\/www.torsten-schlueter.de\/wp-content\/uploads\/2022\/05\/EisernerVirusDieErsteBundesliga_Stadionskizze2021Kreide17_5x25cm-300x207.jpg 300w\" sizes=\"auto, (max-width: 555px) 100vw, 555px\" \/><\/a>            <\/dt>\n                    <\/dl>\n            <dl class=\"gallery-item\">\n            <dt class=\"gallery-icon\">\n            <a data-title=\"\" title=\"\" href=\"https:\/\/www.torsten-schlueter.de\/wp-content\/uploads\/2016\/10\/DSC_0032_klein.jpg\" data-rel=\"tb_4f91422\" class=\"themify_lightbox\"><img loading=\"lazy\" decoding=\"async\" src=\"https:\/\/www.torsten-schlueter.de\/wp-content\/uploads\/2016\/10\/DSC_0032_klein-555x385.jpg\" width=\"555\" height=\"385\" class=\"wp-post-image wp-image-9013\" title=\"Torsten Schl\u00fcter, &quot;Der zw\u00f6lfte Mann, der Fanblock das schlagende Herz des Vereins&quot;, 2001, Acryl auf Karton, 76x105cm\" alt=\"Torsten Schl\u00fcter, &quot;Der zw\u00f6lfte Mann, der Fanblock das schlagende Herz des Vereins&quot;, 2001, Acryl auf Karton, 76x105cm\" srcset=\"https:\/\/www.torsten-schlueter.de\/wp-content\/uploads\/2016\/10\/DSC_0032_klein-555x385.jpg 555w, https:\/\/www.torsten-schlueter.de\/wp-content\/uploads\/2016\/10\/DSC_0032_klein-300x208.jpg 300w, https:\/\/www.torsten-schlueter.de\/wp-content\/uploads\/2016\/10\/DSC_0032_klein-768x532.jpg 768w, https:\/\/www.torsten-schlueter.de\/wp-content\/uploads\/2016\/10\/DSC_0032_klein.jpg 875w\" sizes=\"auto, (max-width: 555px) 100vw, 555px\" \/><\/a>            <\/dt>\n                    <\/dl>\n            <dl class=\"gallery-item\">\n            <dt class=\"gallery-icon\">\n            <a data-title=\"\" title=\"\" href=\"https:\/\/www.torsten-schlueter.de\/wp-content\/uploads\/2022\/05\/EswarimMai2019_2021_OelaufMalpappe70x100cm.jpg\" data-rel=\"tb_4f91422\" class=\"themify_lightbox\"><img loading=\"lazy\" decoding=\"async\" src=\"https:\/\/www.torsten-schlueter.de\/wp-content\/uploads\/2022\/05\/EswarimMai2019_2021_OelaufMalpappe70x100cm-555x385.jpg\" width=\"555\" height=\"385\" class=\"wp-post-image wp-image-9384\" title=\"EswarimMai2019_2021_OelaufMalpappe70x100cm\" alt=\"EswarimMai2019_2021_OelaufMalpappe70x100cm\"><\/a>            <\/dt>\n                    <\/dl>\n    <\/div>\n<\/div>\n<!-- \/module gallery -->        <\/div>\n                        <\/div>\n        <\/div>\n                        <div  data-lazy=\"1\" class=\"module_row themify_builder_row tb_5a46814 tf_w\">\n                        <div class=\"row_inner col_align_top tb_col_count_1 tf_box tf_rel\">\n                        <div  data-lazy=\"1\" class=\"module_column tb-column col-full tb_1277797 first\">\n                    <!-- module text -->\n<div  class=\"module module-text tb_d12a48d   \" data-lazy=\"1\">\n    <h3 class=\"module-title\">Early works<\/h3>    <div  class=\"tb_text_wrap\">\n        <p>Early works from the eighties. The Weimar period and Hiddensee.  <em>&#8220;The conditions, enriched by the yellowish breath of the city, form a bubbling mixture. In dark and gloomy dormitories  <\/em><em>for the young savage  <\/em><em>painting as a means of escape and aggressive confrontation. What helps: the longing for the island.&#8221;<\/em> <br>from the catalog &#8220;Hexen und Hexen&#8221;, ACC Galerie Weimar<\/p>    <\/div>\n<\/div>\n<!-- \/module text --><!-- module gallery -->\n<div  class=\"module gallery module-gallery tb_a3aeda6 layout-grid  \" data-lazy=\"1\">\n    <div class=\"module-gallery-grid\" style=\"--gald:4;--galt:4;--galm:4\">\n            <dl class=\"gallery-item\">\n            <dt class=\"gallery-icon\">\n            <a data-title=\"\" title=\"\" href=\"https:\/\/www.torsten-schlueter.de\/wp-content\/uploads\/2016\/10\/5-Dame-in-Wei\u00df-Emigration\u00d6laLw-1987-82x62cm-Kopie.jpg\" data-rel=\"tb_a3aeda6\" class=\"themify_lightbox\"><img loading=\"lazy\" decoding=\"async\" src=\"https:\/\/www.torsten-schlueter.de\/wp-content\/uploads\/2016\/10\/5-Dame-in-Wei\u00df-Emigration\u00d6laLw-1987-82x62cm-Kopie-767x1024-465x660.jpg\" width=\"465\" height=\"660\" class=\"wp-post-image wp-image-9077\" title=\"Torsten Schl\u00fcter, &quot;Dame in Weiss, 1987, 82x62cm\" alt=\"Torsten Schl\u00fcter, &quot;Dame in Weiss, 1987, 82x62cm\"><\/a>            <\/dt>\n                    <\/dl>\n            <dl class=\"gallery-item\">\n            <dt class=\"gallery-icon\">\n            <a data-title=\"\" title=\"\" href=\"https:\/\/www.torsten-schlueter.de\/wp-content\/uploads\/2016\/10\/Die-Seherin-zwischen-den-Fronten-1987-\u00d6laLw-86x60cm.jpg\" data-rel=\"tb_a3aeda6\" class=\"themify_lightbox\"><img loading=\"lazy\" decoding=\"async\" src=\"https:\/\/www.torsten-schlueter.de\/wp-content\/uploads\/2016\/10\/Die-Seherin-zwischen-den-Fronten-1987-\u00d6laLw-86x60cm-717x1024-465x660.jpg\" width=\"465\" height=\"660\" class=\"wp-post-image wp-image-9011\" title=\"Torsten Schl\u00fcter, &quot;S. zwischen den Fronten&quot;, 1987, \u00d6l, 86x60cm\" alt=\"Torsten Schl\u00fcter, &quot;S. zwischen den Fronten&quot;, 1987, \u00d6l, 86x60cm\"><\/a>            <\/dt>\n                    <\/dl>\n            <dl class=\"gallery-item\">\n            <dt class=\"gallery-icon\">\n            <a data-title=\"\" title=\"\" href=\"https:\/\/www.torsten-schlueter.de\/wp-content\/uploads\/2016\/10\/Selbst-als-H\u00f6lderlin-\u00d6l-1986-100x70_bearbeitet-1.jpg\" data-rel=\"tb_a3aeda6\" class=\"themify_lightbox\"><img loading=\"lazy\" decoding=\"async\" src=\"https:\/\/www.torsten-schlueter.de\/wp-content\/uploads\/2016\/10\/Selbst-als-H\u00f6lderlin-\u00d6l-1986-100x70_bearbeitet-1-674x1024-465x660.jpg\" width=\"465\" height=\"660\" class=\"wp-post-image wp-image-9022\" title=\"Torsten Schl\u00fcter, &quot;Selbst als Hoelderlin&quot;, \u00d6l, 1986, 100x70cm\" alt=\"Torsten Schl\u00fcter, &quot;Selbst als Hoelderlin&quot;, \u00d6l, 1986, 100x70cm\"><\/a>            <\/dt>\n                    <\/dl>\n            <dl class=\"gallery-item\">\n            <dt class=\"gallery-icon\">\n            <a data-title=\"\" title=\"\" href=\"https:\/\/www.torsten-schlueter.de\/wp-content\/uploads\/2016\/10\/3-Die-Einheitspartei-1989-Besitz-Weimarer-Stadtmuseum-Kopie.jpg\" data-rel=\"tb_a3aeda6\" class=\"themify_lightbox\"><img loading=\"lazy\" decoding=\"async\" src=\"https:\/\/www.torsten-schlueter.de\/wp-content\/uploads\/2016\/10\/3-Die-Einheitspartei-1989-Besitz-Weimarer-Stadtmuseum-Kopie-749x1024-465x660.jpg\" width=\"465\" height=\"660\" class=\"wp-post-image wp-image-9076\" title=\"Torsten Schl\u00fcter, &quot;Die Einheitspartei&quot;, 1989, \u00d6l auf Leinwand, 82x60cm\" alt=\"Torsten Schl\u00fcter, &quot;Die Einheitspartei&quot;, 1989, \u00d6l auf Leinwand, 82x60cm\"><\/a>            <\/dt>\n                    <\/dl>\n            <dl class=\"gallery-item\">\n            <dt class=\"gallery-icon\">\n            <a data-title=\"\" title=\"\" href=\"https:\/\/www.torsten-schlueter.de\/wp-content\/uploads\/2016\/10\/1-Junger-Wilder-Selbstbildnis-1986-Kopie.jpg\" data-rel=\"tb_a3aeda6\" class=\"themify_lightbox\"><img loading=\"lazy\" decoding=\"async\" src=\"https:\/\/www.torsten-schlueter.de\/wp-content\/uploads\/2016\/10\/1-Junger-Wilder-Selbstbildnis-1986-Kopie-678x1024-465x660.jpg\" width=\"465\" height=\"660\" class=\"wp-post-image wp-image-9075\" title=\"&quot;Torsten Schl\u00fcter, &quot;Junger Wilder, Selbstbildnis&quot;,1986, \u00d6l auf Holz, 68x48cm\" alt=\"&quot;Torsten Schl\u00fcter, &quot;Junger Wilder, Selbstbildnis&quot;,1986, \u00d6l auf Holz, 68x48cm\"><\/a>            <\/dt>\n                    <\/dl>\n            <dl class=\"gallery-item\">\n            <dt class=\"gallery-icon\">\n            <a data-title=\"\" title=\"\" href=\"https:\/\/www.torsten-schlueter.de\/wp-content\/uploads\/2016\/10\/Scannen0001_bearbeitet-1.jpg\" data-rel=\"tb_a3aeda6\" class=\"themify_lightbox\"><img loading=\"lazy\" decoding=\"async\" src=\"https:\/\/www.torsten-schlueter.de\/wp-content\/uploads\/2016\/10\/Scannen0001_bearbeitet-1-465x660.jpg\" width=\"465\" height=\"660\" class=\"wp-post-image wp-image-9021\" title=\"Torsten Schl\u00fcter, &quot;Der Oktobersturm&quot;, 1990, \u00d6l auf Holz, 165x130cm\" alt=\"Torsten Schl\u00fcter, &quot;Der Oktobersturm&quot;, 1990, \u00d6l auf Holz, 165x130cm\"><\/a>            <\/dt>\n                    <\/dl>\n            <dl class=\"gallery-item\">\n            <dt class=\"gallery-icon\">\n            <a data-title=\"\" title=\"\" href=\"https:\/\/www.torsten-schlueter.de\/wp-content\/uploads\/2016\/10\/Vergessener-T\u00e4ter-Mielkes-letzter-Gang-1992-\u00d6l-auf-Hartfaser-150x65cm.jpg\" data-rel=\"tb_a3aeda6\" class=\"themify_lightbox\"><img loading=\"lazy\" decoding=\"async\" src=\"https:\/\/www.torsten-schlueter.de\/wp-content\/uploads\/2016\/10\/Vergessener-T\u00e4ter-Mielkes-letzter-Gang-1992-\u00d6l-auf-Hartfaser-150x65cm-558x1024-465x660.jpg\" width=\"465\" height=\"660\" class=\"wp-post-image wp-image-9027\" title=\"Torsten Schl\u00fcter, &quot;Vergessener T\u00e4ter, Mielkes letzter Gang,1992, \u00d6l auf Hartfaser&quot;, 150x65cm\" alt=\"Torsten Schl\u00fcter, &quot;Vergessener T\u00e4ter, Mielkes letzter Gang,1992, \u00d6l auf Hartfaser&quot;, 150x65cm\"><\/a>            <\/dt>\n                    <\/dl>\n            <dl class=\"gallery-item\">\n            <dt class=\"gallery-icon\">\n            <a data-title=\"\" title=\"\" href=\"https:\/\/www.torsten-schlueter.de\/wp-content\/uploads\/2016\/10\/IMG_8818-Kopie.jpg\" data-rel=\"tb_a3aeda6\" class=\"themify_lightbox\"><img loading=\"lazy\" decoding=\"async\" src=\"https:\/\/www.torsten-schlueter.de\/wp-content\/uploads\/2016\/10\/IMG_8818-Kopie-507x1024-465x660.jpg\" width=\"465\" height=\"660\" class=\"wp-post-image wp-image-9071\" title=\"Torsten Schl\u00fcter, &quot;Die Gewalt&quot;, 1991, \u00d6l auf Leinwand, 130x65cm\" alt=\"Torsten Schl\u00fcter, &quot;Die Gewalt&quot;, 1991, \u00d6l auf Leinwand, 130x65cm\"><\/a>            <\/dt>\n                    <\/dl>\n    <\/div>\n<\/div>\n<!-- \/module gallery --><!-- module gallery -->\n<div  class=\"module gallery module-gallery tb_4426b5b layout-grid  \" data-lazy=\"1\">\n    <div class=\"module-gallery-grid\" style=\"--gald:3;--galt:3;--galm:3\">\n            <dl class=\"gallery-item\">\n            <dt class=\"gallery-icon\">\n            <a data-title=\"\" title=\"\" href=\"https:\/\/www.torsten-schlueter.de\/wp-content\/uploads\/2016\/10\/Rape-125-x-175-\u00d6l-a-Lw.jpg\" data-rel=\"tb_4426b5b\" class=\"themify_lightbox\"><img loading=\"lazy\" decoding=\"async\" src=\"https:\/\/www.torsten-schlueter.de\/wp-content\/uploads\/2016\/10\/Rape-125-x-175-\u00d6l-a-Lw-1024x757-350x250.jpg\" width=\"350\" height=\"250\" class=\"wp-post-image wp-image-9030\" title=\"Torsten Schl\u00fcter, &quot;The Rape&quot;, 1992, \u00d6l auf LW, 180x125cm\" alt=\"Torsten Schl\u00fcter, &quot;The Rape&quot;, 1992, \u00d6l auf LW, 180x125cm\"><\/a>            <\/dt>\n                    <\/dl>\n            <dl class=\"gallery-item\">\n            <dt class=\"gallery-icon\">\n            <a data-title=\"\" title=\"\" href=\"https:\/\/www.torsten-schlueter.de\/wp-content\/uploads\/2016\/09\/Torsten_Schlueter_Inselblick.jpg\" data-rel=\"tb_4426b5b\" class=\"themify_lightbox\"><img loading=\"lazy\" decoding=\"async\" src=\"https:\/\/www.torsten-schlueter.de\/wp-content\/uploads\/2016\/09\/Torsten_Schlueter_Inselblick-350x250.jpg\" width=\"350\" height=\"250\" class=\"wp-post-image wp-image-8913\" title=\"Torsten Schl\u00fcter, &quot;Inselblick&quot;, 1987, \u00d6l auf Leinwand, 68x100 cm\" alt=\"Torsten Schl\u00fcter, &quot;Inselblick&quot;, 1987, \u00d6l auf Leinwand, 68x100 cm\"><\/a>            <\/dt>\n                    <\/dl>\n            <dl class=\"gallery-item\">\n            <dt class=\"gallery-icon\">\n            <a data-title=\"\" title=\"\" href=\"https:\/\/www.torsten-schlueter.de\/wp-content\/uploads\/2016\/09\/Torsten_Schlueter_Hoffnung.jpg\" data-rel=\"tb_4426b5b\" class=\"themify_lightbox\"><img loading=\"lazy\" decoding=\"async\" src=\"https:\/\/www.torsten-schlueter.de\/wp-content\/uploads\/2016\/09\/Torsten_Schlueter_Hoffnung-350x250.jpg\" width=\"350\" height=\"250\" class=\"wp-post-image wp-image-8912\" title=\"Torsten Schl\u00fcter, &quot;Hoffnung&quot;, 1987, \u00d6l auf Leinwand, 81x81cm\" alt=\"Torsten Schl\u00fcter, &quot;Hoffnung&quot;, 1987, \u00d6l auf Leinwand, 81x81cm\"><\/a>            <\/dt>\n                    <\/dl>\n            <dl class=\"gallery-item\">\n            <dt class=\"gallery-icon\">\n            <a data-title=\"\" title=\"\" href=\"https:\/\/www.torsten-schlueter.de\/wp-content\/uploads\/2016\/09\/Torsten_Schlueter_Dornbusch.jpg\" data-rel=\"tb_4426b5b\" class=\"themify_lightbox\"><img loading=\"lazy\" decoding=\"async\" src=\"https:\/\/www.torsten-schlueter.de\/wp-content\/uploads\/2016\/09\/Torsten_Schlueter_Dornbusch-350x250.jpg\" width=\"350\" height=\"250\" class=\"wp-post-image wp-image-8911\" title=\"Torsten Schl\u00fcter, &quot;Dornbusch&quot;, 1986, \u00d6l auf Hartfaser, 70x100cm\" alt=\"Torsten Schl\u00fcter, &quot;Dornbusch&quot;, 1986, \u00d6l auf Hartfaser, 70x100cm\"><\/a>            <\/dt>\n                    <\/dl>\n            <dl class=\"gallery-item\">\n            <dt class=\"gallery-icon\">\n            <a data-title=\"\" title=\"\" href=\"https:\/\/www.torsten-schlueter.de\/wp-content\/uploads\/2016\/10\/Progrom-an-Armeniern-Kopie.jpg\" data-rel=\"tb_4426b5b\" class=\"themify_lightbox\"><img loading=\"lazy\" decoding=\"async\" src=\"https:\/\/www.torsten-schlueter.de\/wp-content\/uploads\/2016\/10\/Progrom-an-Armeniern-Kopie-350x250.jpg\" width=\"350\" height=\"250\" class=\"wp-post-image wp-image-9089\" title=\"Torsten Schl\u00fcter, &quot;Pogrom an Armeniern&quot;, 1987, \u00d6l auf Hartfaser, 60x60cm\" alt=\"Torsten Schl\u00fcter, &quot;Pogrom an Armeniern&quot;, 1987, \u00d6l auf Hartfaser, 60x60cm\"><\/a>            <\/dt>\n                    <\/dl>\n            <dl class=\"gallery-item\">\n            <dt class=\"gallery-icon\">\n            <a data-title=\"\" title=\"\" href=\"https:\/\/www.torsten-schlueter.de\/wp-content\/uploads\/2016\/10\/Machtkampf-1983-Kopie.jpg\" data-rel=\"tb_4426b5b\" class=\"themify_lightbox\"><img loading=\"lazy\" decoding=\"async\" src=\"https:\/\/www.torsten-schlueter.de\/wp-content\/uploads\/2016\/10\/Machtkampf-1983-Kopie-1024x925-350x250.jpg\" width=\"350\" height=\"250\" class=\"wp-post-image wp-image-9088\" title=\"Torsten Schl\u00fcter, &quot;Machtkampf&quot;, 1983, \u00d6l auf Hartfaser, 86x85cm\" alt=\"Torsten Schl\u00fcter, &quot;Machtkampf&quot;, 1983, \u00d6l auf Hartfaser, 86x85cm\"><\/a>            <\/dt>\n                    <\/dl>\n    <\/div>\n<\/div>\n<!-- \/module gallery -->        <\/div>\n                        <\/div>\n        <\/div>\n        <\/div>\n<!--\/themify_builder_content-->","protected":false},"excerpt":{"rendered":"<p>Portraits &amp; Figurative Figurative painting and portraits are recurring themes in his work. The focus is on portraits of women. They are often integrated into large work cycles, such as in the 90s into the topic of &#8220;witches&#8221; &#8211; to be understood as a warning against hatred of everything foreign. Later, the &#8220;Well Women&#8221; cycle [&hellip;]<\/p>\n","protected":false},"author":1,"featured_media":0,"parent":9438,"menu_order":0,"comment_status":"closed","ping_status":"closed","template":"","meta":{"footnotes":""},"class_list":["post-9450","page","type-page","status-publish","hentry","has-post-title","has-post-date","has-post-category","has-post-tag","has-post-comment","has-post-author",""],"builder_content":"[gallery _orderbyfield=\"menu_order ID\" _orderByField=\"menu_order ID\" ids=\"6261,5592,5691,5586,5733,5713,5583,5982\"]\n<h3>Portraits & Figurative<\/h3> <p>Figurative painting and portraits are recurring themes in his work. The focus is on portraits of women. They are often integrated into large work cycles, such as in the 90s into the topic of \"witches\" <strong>- to be <\/strong> understood as a warning against hatred of everything foreign. Later, the \"Well Women\" cycle crystallized out of an examination of the Indian caste system.<\/p><p>\"Often peculiarly close-up and without distance, emphatically haunting,\" is how art historian Dr. Hans M. Schmidt describes Torsten Schl\u00fcter's portraits.<\/p>\n[gallery _orderbyfield=\"menu_order ID\" _orderByField=\"menu_order ID\" ids=\"6176,5626,5632\"]\n<h3>Hiddensee<\/h3> <p>It is his \"open-air studio\" - the island of Hiddensee and a place of intensive study of nature through drawing. With the wet-on-wet technique he developed, he created an unmistakable style in watercolor painting. <br>In 2004 Torsten Schl\u00fcter was awarded the South German Watercolor Art Prize.<br><br><\/p>\n[gallery _orderbyfield=\"menu_order ID\" ids=\"5741,5510,5744,5514\"]\n<h3>India<\/h3> <p>Torsten Schl\u00fcter has been traveling to India since 1993. The artist often works up the sketches he brings with him in his Berlin studio on large-format canvases.<\/p>\n[gallery _orderbyfield=\"menu_order ID\" _orderByField=\"menu_order ID\" ids=\"5587,6032\"]\n<p>The Indian subcontinent plays a major role in Torsten Schl\u00fcter's work. More under work theme <a style=\"color: #000080;\" href=\"http:\/\/www.hiddensee-kuenstler.de\/werk\/indien\/\">INDIA <\/a> <\/p>\n<h3>Metropolitan areas<\/h3> <p>\"<em>Schl\u00fcter captures urban life on canvas in acrylic and oil paintings with gripping expressiveness. One is reminded of German Expressionist painting. The power of the colors, the pulsating brushstrokes, all this is of compelling urgency.<\/em>\"<br> J\u00f6rg Michael Henneberg<\/p>\n[gallery _orderbyfield=\"menu_order ID\" ids=\"5590,6266,8032,6258,5594,6265\"]\n[gallery _orderbyfield=\"menu_order ID\" _orderByField=\"menu_order ID\" ids=\"6218\"]\n<h3>Art and soccer<\/h3> <p><em>\"Since 2001, an entire soccer series has been created for 1.FC Union Berlin. The painting \"Sea of Flags\" is a cry of jubilation, is intoxicating, full of passion and so full of energy. As if fireworks had gone off in the middle of the stadium. Torsten Schl\u00fcter has brought these fireworks to the screen as an expression of everything that 1.FC Union Berlin means to him - and to so many...<\/em>\"<br>Dajana Rubert, Frank Willmann, U.N.V.E.U., Berliner Verlag, February 2016<\/p>\n[gallery _orderbyfield=\"menu_order ID\" ids=\"6170,8035,6152,8036\"]\n<h3>Early works<\/h3> <p>Early works from the eighties. The Weimar period and Hiddensee. <em>\"The conditions, enriched by the yellowish breath of the city, form a bubbling mixture. In dark and gloomy dormitories <\/em><em>for the young savage <\/em><em>painting as a means of escape and aggressive confrontation. What helps: the longing for the island.\"<\/em> <br>from the catalog \"Hexen und Hexen\", ACC Galerie Weimar<\/p>\n[gallery _orderbyfield=\"menu_order ID\" _orderByField=\"menu_order ID\" ids=\"6238,6149,6168,6237,6236,6166,6174,6232\"]\n[gallery _orderByField=\"menu_order ID\" ids=\"6177,5958,5957,5956,6251,6250\"]","_links":{"self":[{"href":"https:\/\/www.torsten-schlueter.de\/en\/wp-json\/wp\/v2\/pages\/9450","targetHints":{"allow":["GET"]}}],"collection":[{"href":"https:\/\/www.torsten-schlueter.de\/en\/wp-json\/wp\/v2\/pages"}],"about":[{"href":"https:\/\/www.torsten-schlueter.de\/en\/wp-json\/wp\/v2\/types\/page"}],"author":[{"embeddable":true,"href":"https:\/\/www.torsten-schlueter.de\/en\/wp-json\/wp\/v2\/users\/1"}],"replies":[{"embeddable":true,"href":"https:\/\/www.torsten-schlueter.de\/en\/wp-json\/wp\/v2\/comments?post=9450"}],"version-history":[{"count":0,"href":"https:\/\/www.torsten-schlueter.de\/en\/wp-json\/wp\/v2\/pages\/9450\/revisions"}],"up":[{"embeddable":true,"href":"https:\/\/www.torsten-schlueter.de\/en\/wp-json\/wp\/v2\/pages\/9438"}],"wp:attachment":[{"href":"https:\/\/www.torsten-schlueter.de\/en\/wp-json\/wp\/v2\/media?parent=9450"}],"curies":[{"name":"wp","href":"https:\/\/api.w.org\/{rel}","templated":true}]}}